{"id":381,"date":"2023-05-16T15:36:58","date_gmt":"2023-05-16T18:36:58","guid":{"rendered":"https:\/\/sinasefesertaope.com\/site\/?page_id=381"},"modified":"2025-01-20T17:16:30","modified_gmt":"2025-01-20T20:16:30","slug":"noticias","status":"publish","type":"page","link":"https:\/\/sinasefesertaope.com\/site\/noticias\/","title":{"rendered":"Not\u00edcias"},"content":{"rendered":"\t\t<div data-elementor-type=\"wp-page\" data-elementor-id=\"381\" class=\"elementor elementor-381\" data-elementor-post-type=\"page\">\n\t\t\t\t<div class=\"elementor-element elementor-element-318873d e-flex e-con-boxed e-con e-parent\" data-id=\"318873d\" data-element_type=\"container\" data-settings=\"{&quot;ekit_has_onepagescroll_dot&quot;:&quot;yes&quot;}\">\n\t\t\t\t\t<div class=\"e-con-inner\">\n\t\t\t\t<div class=\"elementor-element elementor-element-fc0aed0 elementor-widget elementor-widget-template\" data-id=\"fc0aed0\" data-element_type=\"widget\" data-settings=\"{&quot;ekit_we_effect_on&quot;:&quot;none&quot;}\" data-widget_type=\"template.default\">\n\t\t\t\t<div class=\"elementor-widget-container\">\n\t\t\t\t\t\t\t<div class=\"elementor-template\">\n\t\t\t\t\t<div data-elementor-type=\"section\" data-elementor-id=\"1057\" class=\"elementor elementor-1057\" data-elementor-post-type=\"elementor_library\">\n\t\t\t\t\t<section class=\"elementor-section elementor-top-section elementor-element elementor-element-40d21bea elementor-section-full_width elementor-section-height-min-height elementor-section-height-default elementor-section-items-middle\" data-id=\"40d21bea\" data-element_type=\"section\" data-settings=\"{&quot;background_background&quot;:&quot;classic&quot;,&quot;ekit_has_onepagescroll_dot&quot;:&quot;yes&quot;}\">\n\t\t\t\t\t\t\t<div class=\"elementor-background-overlay\"><\/div>\n\t\t\t\t\t\t\t<div class=\"elementor-container elementor-column-gap-default\">\n\t\t\t\t\t<div class=\"elementor-column elementor-col-100 elementor-top-column elementor-element elementor-element-55a2bfaf\" data-id=\"55a2bfaf\" data-element_type=\"column\">\n\t\t\t<div class=\"elementor-widget-wrap elementor-element-populated\">\n\t\t\t\t\t\t\t<\/div>\n\t\t<\/div>\n\t\t\t\t\t<\/div>\n\t\t<\/section>\n\t\t\t\t<\/div>\n\t\t\t\t<\/div>\n\t\t\t\t\t\t<\/div>\n\t\t\t\t<\/div>\n\t\t\t\t\t<\/div>\n\t\t\t\t<\/div>\n\t\t<div class=\"elementor-element elementor-element-3209bfa e-flex e-con-boxed e-con e-parent\" data-id=\"3209bfa\" data-element_type=\"container\" data-settings=\"{&quot;ekit_has_onepagescroll_dot&quot;:&quot;yes&quot;}\">\n\t\t\t\t\t<div class=\"e-con-inner\">\n\t\t<div class=\"elementor-element elementor-element-6c2533f e-con-full e-flex e-con e-child\" data-id=\"6c2533f\" data-element_type=\"container\" data-settings=\"{&quot;ekit_has_onepagescroll_dot&quot;:&quot;yes&quot;}\">\n\t\t\t\t<div class=\"elementor-element elementor-element-2a4da1d elementor-grid-3 elementor-grid-tablet-2 elementor-grid-mobile-1 elementor-posts--thumbnail-top elementor-card-shadow-yes elementor-posts__hover-gradient elementor-widget elementor-widget-posts\" data-id=\"2a4da1d\" data-element_type=\"widget\" data-settings=\"{&quot;pagination_type&quot;:&quot;load_more_infinite_scroll&quot;,&quot;cards_columns&quot;:&quot;3&quot;,&quot;cards_columns_tablet&quot;:&quot;2&quot;,&quot;cards_columns_mobile&quot;:&quot;1&quot;,&quot;cards_row_gap&quot;:{&quot;unit&quot;:&quot;px&quot;,&quot;size&quot;:35,&quot;sizes&quot;:[]},&quot;cards_row_gap_tablet&quot;:{&quot;unit&quot;:&quot;px&quot;,&quot;size&quot;:&quot;&quot;,&quot;sizes&quot;:[]},&quot;cards_row_gap_mobile&quot;:{&quot;unit&quot;:&quot;px&quot;,&quot;size&quot;:&quot;&quot;,&quot;sizes&quot;:[]},&quot;load_more_spinner&quot;:{&quot;value&quot;:&quot;fas fa-spinner&quot;,&quot;library&quot;:&quot;fa-solid&quot;},&quot;ekit_we_effect_on&quot;:&quot;none&quot;}\" data-widget_type=\"posts.cards\">\n\t\t\t\t<div class=\"elementor-widget-container\">\n\t\t\t\t\t\t\t<div class=\"elementor-posts-container elementor-posts elementor-posts--skin-cards elementor-grid\">\n\t\t\t\t<article class=\"elementor-post elementor-grid-item post-2935 post type-post status-publish format-standard has-post-thumbnail hentry category-noticias tag-assembleia-geral tag-ifsertaope tag-sinasefe-ifsertaope\">\n\t\t\t<div class=\"elementor-post__card\">\n\t\t\t\t<a class=\"elementor-post__thumbnail__link\" href=\"https:\/\/sinasefesertaope.com\/site\/sinasefe-ifsertaope-realiza-assembleia-geral-extraordinaria-nesta-quarta-feira-2-participe\/\" tabindex=\"-1\" ><div class=\"elementor-post__thumbnail\"><img fetchpriority=\"high\" decoding=\"async\" width=\"300\" height=\"169\" src=\"https:\/\/sinasefesertaope.com\/site\/wp-content\/uploads\/2026\/08\/Capas-para-site-12-300x169.png\" class=\"attachment-medium size-medium wp-image-2936\" alt=\"\" srcset=\"https:\/\/sinasefesertaope.com\/site\/wp-content\/uploads\/2026\/08\/Capas-para-site-12-300x169.png 300w, https:\/\/sinasefesertaope.com\/site\/wp-content\/uploads\/2026\/08\/Capas-para-site-12-768x434.png 768w, https:\/\/sinasefesertaope.com\/site\/wp-content\/uploads\/2026\/08\/Capas-para-site-12.png 1024w\" sizes=\"(max-width: 300px) 100vw, 300px\" \/><\/div><\/a>\n\t\t\t\t<div class=\"elementor-post__badge\">Not\u00edcias<\/div>\n\t\t\t\t<div class=\"elementor-post__text\">\n\t\t\t\t<h3 class=\"elementor-post__title\">\n\t\t\t<a href=\"https:\/\/sinasefesertaope.com\/site\/sinasefe-ifsertaope-realiza-assembleia-geral-extraordinaria-nesta-quarta-feira-2-participe\/\" >\n\t\t\t\tSINASEFE IFSert\u00e3oPE realiza Assembleia Geral Extraordin\u00e1ria nesta quarta-feira (2); participe\t\t\t<\/a>\n\t\t<\/h3>\n\t\t\t\t\t<div class=\"elementor-post__read-more-wrapper\">\n\t\t\n\t\t<a class=\"elementor-post__read-more\" href=\"https:\/\/sinasefesertaope.com\/site\/sinasefe-ifsertaope-realiza-assembleia-geral-extraordinaria-nesta-quarta-feira-2-participe\/\" aria-label=\"Read more about SINASEFE IFSert\u00e3oPE realiza Assembleia Geral Extraordin\u00e1ria nesta quarta-feira (2); participe\" tabindex=\"-1\" >\n\t\t\tVer mais &gt;&gt;\t\t<\/a>\n\n\t\t\t\t\t<\/div>\n\t\t\t\t<\/div>\n\t\t\t\t<div class=\"elementor-post__meta-data\">\n\t\t\t\t\t<span class=\"elementor-post-date\">\n\t\t\t28 de agosto de 2026\t\t<\/span>\n\t\t\t\t<span class=\"elementor-post-avatar\">\n\t\t\tNenhum coment\u00e1rio\t\t<\/span>\n\t\t\t\t<\/div>\n\t\t\t\t\t<\/div>\n\t\t<\/article>\n\t\t\t\t<article class=\"elementor-post elementor-grid-item post-2930 post type-post status-publish format-standard has-post-thumbnail hentry category-notas category-noticias tag-assessoria-juridica tag-ifsertaope tag-sinasefe-ifsertaope\">\n\t\t\t<div class=\"elementor-post__card\">\n\t\t\t\t<a class=\"elementor-post__thumbnail__link\" href=\"https:\/\/sinasefesertaope.com\/site\/auxilio-transporte-uma-conquista-da-categoria-e-um-passo-importante-no-dialogo-institucional\/\" tabindex=\"-1\" ><div class=\"elementor-post__thumbnail\"><img decoding=\"async\" width=\"300\" height=\"169\" src=\"https:\/\/sinasefesertaope.com\/site\/wp-content\/uploads\/2026\/08\/28-05-2026-300x169.png\" class=\"attachment-medium size-medium wp-image-2931\" alt=\"\" srcset=\"https:\/\/sinasefesertaope.com\/site\/wp-content\/uploads\/2026\/08\/28-05-2026-300x169.png 300w, https:\/\/sinasefesertaope.com\/site\/wp-content\/uploads\/2026\/08\/28-05-2026-768x434.png 768w, https:\/\/sinasefesertaope.com\/site\/wp-content\/uploads\/2026\/08\/28-05-2026.png 1024w\" sizes=\"(max-width: 300px) 100vw, 300px\" \/><\/div><\/a>\n\t\t\t\t<div class=\"elementor-post__badge\">Notas<\/div>\n\t\t\t\t<div class=\"elementor-post__text\">\n\t\t\t\t<h3 class=\"elementor-post__title\">\n\t\t\t<a href=\"https:\/\/sinasefesertaope.com\/site\/auxilio-transporte-uma-conquista-da-categoria-e-um-passo-importante-no-dialogo-institucional\/\" >\n\t\t\t\tAux\u00edlio-transporte: Uma conquista da categoria e um passo importante no di\u00e1logo institucional\t\t\t<\/a>\n\t\t<\/h3>\n\t\t\t\t\t<div class=\"elementor-post__read-more-wrapper\">\n\t\t\n\t\t<a class=\"elementor-post__read-more\" href=\"https:\/\/sinasefesertaope.com\/site\/auxilio-transporte-uma-conquista-da-categoria-e-um-passo-importante-no-dialogo-institucional\/\" aria-label=\"Read more about Aux\u00edlio-transporte: Uma conquista da categoria e um passo importante no di\u00e1logo institucional\" tabindex=\"-1\" >\n\t\t\tVer mais &gt;&gt;\t\t<\/a>\n\n\t\t\t\t\t<\/div>\n\t\t\t\t<\/div>\n\t\t\t\t<div class=\"elementor-post__meta-data\">\n\t\t\t\t\t<span class=\"elementor-post-date\">\n\t\t\t24 de agosto de 2026\t\t<\/span>\n\t\t\t\t<span class=\"elementor-post-avatar\">\n\t\t\tNenhum coment\u00e1rio\t\t<\/span>\n\t\t\t\t<\/div>\n\t\t\t\t\t<\/div>\n\t\t<\/article>\n\t\t\t\t<article class=\"elementor-post elementor-grid-item post-2925 post type-post status-publish format-standard has-post-thumbnail hentry category-noticias tag-sinasefe-ifsertaope tag-sinasefe-nacional\">\n\t\t\t<div class=\"elementor-post__card\">\n\t\t\t\t<a class=\"elementor-post__thumbnail__link\" href=\"https:\/\/sinasefesertaope.com\/site\/sinasefe-ifsertaope-participa-do-1o-encontro-nacional-de-formacao-politica-e-sindical\/\" tabindex=\"-1\" ><div class=\"elementor-post__thumbnail\"><img decoding=\"async\" width=\"300\" height=\"169\" src=\"https:\/\/sinasefesertaope.com\/site\/wp-content\/uploads\/2026\/08\/Capas-para-site-11-300x169.png\" class=\"attachment-medium size-medium wp-image-2927\" alt=\"\" srcset=\"https:\/\/sinasefesertaope.com\/site\/wp-content\/uploads\/2026\/08\/Capas-para-site-11-300x169.png 300w, https:\/\/sinasefesertaope.com\/site\/wp-content\/uploads\/2026\/08\/Capas-para-site-11-768x434.png 768w, https:\/\/sinasefesertaope.com\/site\/wp-content\/uploads\/2026\/08\/Capas-para-site-11.png 1024w\" sizes=\"(max-width: 300px) 100vw, 300px\" \/><\/div><\/a>\n\t\t\t\t<div class=\"elementor-post__badge\">Not\u00edcias<\/div>\n\t\t\t\t<div class=\"elementor-post__text\">\n\t\t\t\t<h3 class=\"elementor-post__title\">\n\t\t\t<a href=\"https:\/\/sinasefesertaope.com\/site\/sinasefe-ifsertaope-participa-do-1o-encontro-nacional-de-formacao-politica-e-sindical\/\" >\n\t\t\t\tSINASEFE IFSert\u00e3oPE participa do 1\u00ba Encontro Nacional de Forma\u00e7\u00e3o Pol\u00edtica e Sindical\t\t\t<\/a>\n\t\t<\/h3>\n\t\t\t\t\t<div class=\"elementor-post__read-more-wrapper\">\n\t\t\n\t\t<a class=\"elementor-post__read-more\" href=\"https:\/\/sinasefesertaope.com\/site\/sinasefe-ifsertaope-participa-do-1o-encontro-nacional-de-formacao-politica-e-sindical\/\" aria-label=\"Read more about SINASEFE IFSert\u00e3oPE participa do 1\u00ba Encontro Nacional de Forma\u00e7\u00e3o Pol\u00edtica e Sindical\" tabindex=\"-1\" >\n\t\t\tVer mais &gt;&gt;\t\t<\/a>\n\n\t\t\t\t\t<\/div>\n\t\t\t\t<\/div>\n\t\t\t\t<div class=\"elementor-post__meta-data\">\n\t\t\t\t\t<span class=\"elementor-post-date\">\n\t\t\t24 de agosto de 2026\t\t<\/span>\n\t\t\t\t<span class=\"elementor-post-avatar\">\n\t\t\tNenhum coment\u00e1rio\t\t<\/span>\n\t\t\t\t<\/div>\n\t\t\t\t\t<\/div>\n\t\t<\/article>\n\t\t\t\t<article class=\"elementor-post elementor-grid-item post-2919 post type-post status-publish format-standard has-post-thumbnail hentry category-noticias tag-assessoria-juridica tag-ifsertaope tag-sinasefe-ifsertaope\">\n\t\t\t<div class=\"elementor-post__card\">\n\t\t\t\t<a class=\"elementor-post__thumbnail__link\" href=\"https:\/\/sinasefesertaope.com\/site\/sinasefe-ifsertaope-convoca-categoria-para-reuniao-sobre-auxilio-transporte\/\" tabindex=\"-1\" ><div class=\"elementor-post__thumbnail\"><img loading=\"lazy\" decoding=\"async\" width=\"300\" height=\"169\" src=\"https:\/\/sinasefesertaope.com\/site\/wp-content\/uploads\/2026\/08\/ASSEMBLEIA-REUNIAO-E-PARALISACAO-Site-2-300x169.png\" class=\"attachment-medium size-medium wp-image-2922\" alt=\"\" srcset=\"https:\/\/sinasefesertaope.com\/site\/wp-content\/uploads\/2026\/08\/ASSEMBLEIA-REUNIAO-E-PARALISACAO-Site-2-300x169.png 300w, https:\/\/sinasefesertaope.com\/site\/wp-content\/uploads\/2026\/08\/ASSEMBLEIA-REUNIAO-E-PARALISACAO-Site-2-1024x576.png 1024w, https:\/\/sinasefesertaope.com\/site\/wp-content\/uploads\/2026\/08\/ASSEMBLEIA-REUNIAO-E-PARALISACAO-Site-2-768x432.png 768w, https:\/\/sinasefesertaope.com\/site\/wp-content\/uploads\/2026\/08\/ASSEMBLEIA-REUNIAO-E-PARALISACAO-Site-2.png 1366w\" sizes=\"(max-width: 300px) 100vw, 300px\" \/><\/div><\/a>\n\t\t\t\t<div class=\"elementor-post__badge\">Not\u00edcias<\/div>\n\t\t\t\t<div class=\"elementor-post__text\">\n\t\t\t\t<h3 class=\"elementor-post__title\">\n\t\t\t<a href=\"https:\/\/sinasefesertaope.com\/site\/sinasefe-ifsertaope-convoca-categoria-para-reuniao-sobre-auxilio-transporte\/\" >\n\t\t\t\tSINASEFE IFSert\u00e3oPE convoca categoria para reuni\u00e3o sobre aux\u00edlio-transporte\u00a0\t\t\t<\/a>\n\t\t<\/h3>\n\t\t\t\t\t<div class=\"elementor-post__read-more-wrapper\">\n\t\t\n\t\t<a class=\"elementor-post__read-more\" href=\"https:\/\/sinasefesertaope.com\/site\/sinasefe-ifsertaope-convoca-categoria-para-reuniao-sobre-auxilio-transporte\/\" aria-label=\"Read more about SINASEFE IFSert\u00e3oPE convoca categoria para reuni\u00e3o sobre aux\u00edlio-transporte\u00a0\" tabindex=\"-1\" >\n\t\t\tVer mais &gt;&gt;\t\t<\/a>\n\n\t\t\t\t\t<\/div>\n\t\t\t\t<\/div>\n\t\t\t\t<div class=\"elementor-post__meta-data\">\n\t\t\t\t\t<span class=\"elementor-post-date\">\n\t\t\t8 de agosto de 2026\t\t<\/span>\n\t\t\t\t<span class=\"elementor-post-avatar\">\n\t\t\tNenhum coment\u00e1rio\t\t<\/span>\n\t\t\t\t<\/div>\n\t\t\t\t\t<\/div>\n\t\t<\/article>\n\t\t\t\t<article class=\"elementor-post elementor-grid-item post-2908 post type-post status-publish format-standard has-post-thumbnail hentry category-noticias tag-ifsertaope tag-rsc-tae tag-sinasefe-ifsertaope\">\n\t\t\t<div class=\"elementor-post__card\">\n\t\t\t\t<a class=\"elementor-post__thumbnail__link\" href=\"https:\/\/sinasefesertaope.com\/site\/servidoresas-taes-do-ifsertaope-ja-podem-solicitar-o-rsc-tae\/\" tabindex=\"-1\" ><div class=\"elementor-post__thumbnail\"><img loading=\"lazy\" decoding=\"async\" width=\"300\" height=\"169\" src=\"https:\/\/sinasefesertaope.com\/site\/wp-content\/uploads\/2026\/08\/Capas-para-site-10-300x169.png\" class=\"attachment-medium size-medium wp-image-2910\" alt=\"\" srcset=\"https:\/\/sinasefesertaope.com\/site\/wp-content\/uploads\/2026\/08\/Capas-para-site-10-300x169.png 300w, https:\/\/sinasefesertaope.com\/site\/wp-content\/uploads\/2026\/08\/Capas-para-site-10-768x434.png 768w, https:\/\/sinasefesertaope.com\/site\/wp-content\/uploads\/2026\/08\/Capas-para-site-10.png 1024w\" sizes=\"(max-width: 300px) 100vw, 300px\" \/><\/div><\/a>\n\t\t\t\t<div class=\"elementor-post__badge\">Not\u00edcias<\/div>\n\t\t\t\t<div class=\"elementor-post__text\">\n\t\t\t\t<h3 class=\"elementor-post__title\">\n\t\t\t<a href=\"https:\/\/sinasefesertaope.com\/site\/servidoresas-taes-do-ifsertaope-ja-podem-solicitar-o-rsc-tae\/\" >\n\t\t\t\tServidores(as) TAEs do IFSert\u00e3oPE j\u00e1 podem solicitar o RSC-TAE\t\t\t<\/a>\n\t\t<\/h3>\n\t\t\t\t\t<div class=\"elementor-post__read-more-wrapper\">\n\t\t\n\t\t<a class=\"elementor-post__read-more\" href=\"https:\/\/sinasefesertaope.com\/site\/servidoresas-taes-do-ifsertaope-ja-podem-solicitar-o-rsc-tae\/\" aria-label=\"Read more about Servidores(as) TAEs do IFSert\u00e3oPE j\u00e1 podem solicitar o RSC-TAE\" tabindex=\"-1\" >\n\t\t\tVer mais &gt;&gt;\t\t<\/a>\n\n\t\t\t\t\t<\/div>\n\t\t\t\t<\/div>\n\t\t\t\t<div class=\"elementor-post__meta-data\">\n\t\t\t\t\t<span class=\"elementor-post-date\">\n\t\t\t4 de agosto de 2026\t\t<\/span>\n\t\t\t\t<span class=\"elementor-post-avatar\">\n\t\t\tNenhum coment\u00e1rio\t\t<\/span>\n\t\t\t\t<\/div>\n\t\t\t\t\t<\/div>\n\t\t<\/article>\n\t\t\t\t<article class=\"elementor-post elementor-grid-item post-2905 post type-post status-publish format-standard has-post-thumbnail hentry category-noticias tag-sinasefe-ifsertaope tag-sinasefe-nacional\">\n\t\t\t<div class=\"elementor-post__card\">\n\t\t\t\t<a class=\"elementor-post__thumbnail__link\" href=\"https:\/\/sinasefesertaope.com\/site\/sinasefe-ifsertaope-participa-do-gt-carreira-e-da-211a-plena-em-brasilia-df-confira\/\" tabindex=\"-1\" ><div class=\"elementor-post__thumbnail\"><img loading=\"lazy\" decoding=\"async\" width=\"300\" height=\"225\" src=\"https:\/\/sinasefesertaope.com\/site\/wp-content\/uploads\/2026\/08\/IMG_9539.JPG-300x225.jpeg\" class=\"attachment-medium size-medium wp-image-2906\" alt=\"\" srcset=\"https:\/\/sinasefesertaope.com\/site\/wp-content\/uploads\/2026\/08\/IMG_9539.JPG-300x225.jpeg 300w, https:\/\/sinasefesertaope.com\/site\/wp-content\/uploads\/2026\/08\/IMG_9539.JPG-1024x768.jpeg 1024w, https:\/\/sinasefesertaope.com\/site\/wp-content\/uploads\/2026\/08\/IMG_9539.JPG-768x576.jpeg 768w, https:\/\/sinasefesertaope.com\/site\/wp-content\/uploads\/2026\/08\/IMG_9539.JPG.jpeg 1280w\" sizes=\"(max-width: 300px) 100vw, 300px\" \/><\/div><\/a>\n\t\t\t\t<div class=\"elementor-post__badge\">Not\u00edcias<\/div>\n\t\t\t\t<div class=\"elementor-post__text\">\n\t\t\t\t<h3 class=\"elementor-post__title\">\n\t\t\t<a href=\"https:\/\/sinasefesertaope.com\/site\/sinasefe-ifsertaope-participa-do-gt-carreira-e-da-211a-plena-em-brasilia-df-confira\/\" >\n\t\t\t\tSINASEFE IFSert\u00e3oPE participa do GT Carreira e da 211\u00aa PLENA em Bras\u00edlia (DF); Confira\u00a0\t\t\t<\/a>\n\t\t<\/h3>\n\t\t\t\t\t<div class=\"elementor-post__read-more-wrapper\">\n\t\t\n\t\t<a class=\"elementor-post__read-more\" href=\"https:\/\/sinasefesertaope.com\/site\/sinasefe-ifsertaope-participa-do-gt-carreira-e-da-211a-plena-em-brasilia-df-confira\/\" aria-label=\"Read more about SINASEFE IFSert\u00e3oPE participa do GT Carreira e da 211\u00aa PLENA em Bras\u00edlia (DF); Confira\u00a0\" tabindex=\"-1\" >\n\t\t\tVer mais &gt;&gt;\t\t<\/a>\n\n\t\t\t\t\t<\/div>\n\t\t\t\t<\/div>\n\t\t\t\t<div class=\"elementor-post__meta-data\">\n\t\t\t\t\t<span class=\"elementor-post-date\">\n\t\t\t3 de agosto de 2026\t\t<\/span>\n\t\t\t\t<span class=\"elementor-post-avatar\">\n\t\t\tNenhum coment\u00e1rio\t\t<\/span>\n\t\t\t\t<\/div>\n\t\t\t\t\t<\/div>\n\t\t<\/article>\n\t\t\t\t<\/div>\n\t\t\t\t\t<span class=\"e-load-more-spinner\">\n\t\t\t\t<i aria-hidden=\"true\" class=\"fas fa-spinner\"><\/i>\t\t\t<\/span>\n\t\t\n\t\t\t\t<div class=\"e-load-more-anchor\" data-page=\"1\" data-max-page=\"30\" data-next-page=\"https:\/\/sinasefesertaope.com\/site\/wp-json\/wp\/v2\/pages\/381\/page\/2\/\"><\/div>\n\t\t\t\t<div class=\"e-load-more-message\"><\/div>\n\t\t\t\t\t\t<\/div>\n\t\t\t\t<\/div>\n\t\t\t\t<\/div>\n\t\t\t\t\t<\/div>\n\t\t\t\t<\/div>\n\t\t\t\t<\/div>\n\t\t","protected":false},"excerpt":{"rendered":"","protected":false},"author":1,"featured_media":0,"parent":0,"menu_order":0,"comment_status":"closed","ping_status":"closed","template":"","meta":{"footnotes":""},"class_list":["post-381","page","type-page","status-publish","hentry"],"_links":{"self":[{"href":"https:\/\/sinasefesertaope.com\/site\/wp-json\/wp\/v2\/pages\/381","targetHints":{"allow":["GET"]}}],"collection":[{"href":"https:\/\/sinasefesertaope.com\/site\/wp-json\/wp\/v2\/pages"}],"about":[{"href":"https:\/\/sinasefesertaope.com\/site\/wp-json\/wp\/v2\/types\/page"}],"author":[{"embeddable":true,"href":"https:\/\/sinasefesertaope.com\/site\/wp-json\/wp\/v2\/users\/1"}],"replies":[{"embeddable":true,"href":"https:\/\/sinasefesertaope.com\/site\/wp-json\/wp\/v2\/comments?post=381"}],"version-history":[{"count":40,"href":"https:\/\/sinasefesertaope.com\/site\/wp-json\/wp\/v2\/pages\/381\/revisions"}],"predecessor-version":[{"id":1160,"href":"https:\/\/sinasefesertaope.com\/site\/wp-json\/wp\/v2\/pages\/381\/revisions\/1160"}],"wp:attachment":[{"href":"https:\/\/sinasefesertaope.com\/site\/wp-json\/wp\/v2\/media?parent=381"}],"curies":[{"name":"wp","href":"https:\/\/api.w.org\/{rel}","templated":true}]}}